{"id":11,"date":"2018-01-26T11:20:27","date_gmt":"2018-01-26T11:20:27","guid":{"rendered":"http:\/\/wp1026198.server-he.de\/abendrot\/?page_id=11"},"modified":"2023-03-18T08:46:24","modified_gmt":"2023-03-18T08:46:24","slug":"beschreibung","status":"publish","type":"page","link":"http:\/\/abendrot-bodenmais.de\/?page_id=11","title":{"rendered":"Beschreibung"},"content":{"rendered":"<ul>\n<li>Die exklusive, helle und neu renovierte Ferienwohnung bietet auf<br \/>\n65 m\u00b2 Platz f\u00fcr 2 Personen (Zustellbett m\u00f6glich). Sie liegt an einem der sch\u00f6nsten Sonnenh\u00e4nge von Bodenmais in absolut ruhiger und idyllischer Lage (nur Anliegerverkehr). Genie\u00dfen Sie die Ruhe und den herrlichen Panoramablick auf Bodenmais und die umliegenden Berge. Der \u00fcber die gesamte Giebelseite verlaufende Balkon l\u00e4dt Sie zum fr\u00fchst\u00fccken und relaxen ein.<\/li>\n<li>Verbringen Sie Ihren Urlaub im modernen Ambiente gepaart mit bayerischen Lebensstiel.<\/li>\n<li>Das ger\u00e4umige Wohnzimmer besteht aus einer gem\u00fctlichen Schlafcouch, einem Sessel und einem Couchtisch. Auf einem Sideboard befindet sich eine Musikanlage sowie ein gro\u00dfer 55&#8243; SAT-TV. Das Schmuckst\u00fcck des Raumes ist ein Kachelofen mit umlaufender Sitzbank. Im Winter sorgt er f\u00fcr eine gem\u00fctliche und behagliche Atmosph\u00e4re. \u00dcber das Wohnzimmer gelangt man auf den Balkon mit Gartenm\u00f6beln und Sonnenschirm.<\/li>\n<li>Die gro\u00dfz\u00fcgige K\u00fcche verf\u00fcgt \u00fcber einen 4-Plattenherd mit Backofen, Sp\u00fclmaschine, K\u00fchlschrank mit Gefrierfach, Mikrowelle, Kaffeemaschine, Eier- und Hei\u00dfwasserkocher. Die K\u00fcche ist voll ausgestattet mit Ess- und Kochgeschirr. Die moderne Essecke mit Sitzbank l\u00e4dt zum verweilen beim gemeinsamen kochen ein. In der K\u00fcche ist ein weiterer Zugang zum Balkon.<\/li>\n<li>Das Schlafzimmer (12 m\u00b2) befindet sich im Obergescho\u00df und ist gut \u00fcber eine breite Holztreppe erreichbar. Die Einbauschr\u00e4nke bieten gen\u00fcgend Platz zum Verstauen Ihrer Urlaubsgarderobe. Die Bettw\u00e4sche wird gestellt.<\/li>\n<li>Das Badezimmer (4,1 m\u00b2) ist ausgestattet mit einem Waschbecken, ein WC und einer Badewanne in der sich auch die Dusche befindet. Ein Fenster sorgt f\u00fcr eine angenehme Bel\u00fcftung. Die Hand- und Badet\u00fccher sowie werden gestellt. Ein Haarf\u00f6n ist vorhanden.<\/li>\n<li>Ein \u00fcberdachter Carport f\u00fcr diese Wohnung ist direkt vor dem Haus. Im Winter, bei Schnee, wird die Mitnahme von Schneeketten f\u00fcrs Auto empfohlen!<\/li>\n<li>Die Wohnung verf\u00fcgt \u00fcber einen Safe.<\/li>\n<\/ul>\n<p><strong>Nichtraucherdomizil!<\/strong><\/p>\n<p><strong>Ein Haustier erlaubt, gegebenenfalls R\u00fccksprache!<\/strong><\/p>\n","protected":false},"excerpt":{"rendered":"<p>Die exklusive, helle und neu renovierte Ferienwohnung bietet auf 65 m\u00b2 Platz f\u00fcr 2 Personen (Zustellbett m\u00f6glich). Sie liegt an einem der sch\u00f6nsten Sonnenh\u00e4nge von Bodenmais in absolut ruhiger und idyllischer Lage (nur Anliegerverkehr). Genie\u00dfen Sie die Ruhe und den herrlichen Panoramablick auf Bodenmais und die umliegenden Berge. Der \u00fcber die gesamte Giebelseite verlaufende Balkon &hellip; <\/p>\n<p class=\"link-more\"><a href=\"http:\/\/abendrot-bodenmais.de\/?page_id=11\" class=\"more-link\"><span class=\"screen-reader-text\">\u201eBeschreibung\u201c<\/span> weiterlesen<\/a><\/p>\n","protected":false},"author":1,"featured_media":0,"parent":0,"menu_order":0,"comment_status":"closed","ping_status":"closed","template":"","meta":{"ngg_post_thumbnail":0},"_links":{"self":[{"href":"http:\/\/abendrot-bodenmais.de\/index.php?rest_route=\/wp\/v2\/pages\/11"}],"collection":[{"href":"http:\/\/abendrot-bodenmais.de\/index.php?rest_route=\/wp\/v2\/pages"}],"about":[{"href":"http:\/\/abendrot-bodenmais.de\/index.php?rest_route=\/wp\/v2\/types\/page"}],"author":[{"embeddable":true,"href":"http:\/\/abendrot-bodenmais.de\/index.php?rest_route=\/wp\/v2\/users\/1"}],"replies":[{"embeddable":true,"href":"http:\/\/abendrot-bodenmais.de\/index.php?rest_route=%2Fwp%2Fv2%2Fcomments&post=11"}],"version-history":[{"count":9,"href":"http:\/\/abendrot-bodenmais.de\/index.php?rest_route=\/wp\/v2\/pages\/11\/revisions"}],"predecessor-version":[{"id":447,"href":"http:\/\/abendrot-bodenmais.de\/index.php?rest_route=\/wp\/v2\/pages\/11\/revisions\/447"}],"wp:attachment":[{"href":"http:\/\/abendrot-bodenmais.de\/index.php?rest_route=%2Fwp%2Fv2%2Fmedia&parent=11"}],"curies":[{"name":"wp","href":"https:\/\/api.w.org\/{rel}","templated":true}]}}